{"id":73,"date":"2020-12-21T09:39:11","date_gmt":"2020-12-21T09:39:11","guid":{"rendered":"http:\/\/www.svsarganserland.ch\/wp\/?page_id=73"},"modified":"2026-02-08T08:18:19","modified_gmt":"2026-02-08T08:18:19","slug":"jungschuetzen","status":"publish","type":"page","link":"http:\/\/www.svsarganserland.ch\/wp\/?page_id=73","title":{"rendered":"Jungsch\u00fctzen"},"content":{"rendered":"\n<p>Jungsch\u00fctzenchef<br>Emil Aggeler<br>Schwendistrasse 12<br>7325 Schwendi<br><a href=\"mailto:eaggeler@bluewin.ch\">E-Mail<\/a><br>P: &nbsp;081 72357 35<br>M:&nbsp;079&nbsp;249 23 56<br><\/p>\n\n\n\n<hr class=\"wp-block-separator has-alpha-channel-opacity\"\/>\n\n\n<h4>8. Februar 2026<\/h4>\n<p><a href=\"http:\/\/svsarganserland.ch\/Dateien\/KSFV%202026\/Termine%20JS%20SVS%202026.pdf\" target=\"_blank\" rel=\"noopener\">Termine 2026 Jungsch\u00fctzen<\/a><\/p>\n\n\n<hr class=\"wp-block-separator has-alpha-channel-opacity\"\/>\n\n\n<h4>20. Oktober 2025<\/h4>\n<p><a href=\"http:\/\/svsarganserland.ch\/Dateien\/Daten%202025\/JS\/Bericht%20Verbandscup%202025.pdf\" target=\"_blank\" rel=\"noopener\">Bericht 33. Verbands Cup Jungsch\u00fctzen 2025<\/a><\/p>\n<p><a href=\"http:\/\/svsarganserland.ch\/Dateien\/Daten%202025\/JS\/Rangliste%20Cup%202025.pdf\" target=\"_blank\" rel=\"noopener\">Rangliste 33. Verbands Cup Jungsch\u00fctzen 2025<\/a><\/p>\n<p><a href=\"http:\/\/www.svsarganserland.ch\/wp\/wp-content\/uploads\/2025\/10\/Die-ersten-8-am-Verbandscup-2025-scaled.jpg\"><img loading=\"lazy\" decoding=\"async\" class=\"alignnone  wp-image-791\" src=\"http:\/\/www.svsarganserland.ch\/wp\/wp-content\/uploads\/2025\/10\/Die-ersten-8-am-Verbandscup-2025-300x200.jpg\" alt=\"\" width=\"431\" height=\"287\" srcset=\"http:\/\/www.svsarganserland.ch\/wp\/wp-content\/uploads\/2025\/10\/Die-ersten-8-am-Verbandscup-2025-300x200.jpg 300w, http:\/\/www.svsarganserland.ch\/wp\/wp-content\/uploads\/2025\/10\/Die-ersten-8-am-Verbandscup-2025-1024x683.jpg 1024w, http:\/\/www.svsarganserland.ch\/wp\/wp-content\/uploads\/2025\/10\/Die-ersten-8-am-Verbandscup-2025-768x512.jpg 768w, http:\/\/www.svsarganserland.ch\/wp\/wp-content\/uploads\/2025\/10\/Die-ersten-8-am-Verbandscup-2025-1536x1024.jpg 1536w, http:\/\/www.svsarganserland.ch\/wp\/wp-content\/uploads\/2025\/10\/Die-ersten-8-am-Verbandscup-2025-2048x1365.jpg 2048w\" sizes=\"auto, (max-width: 431px) 100vw, 431px\" \/><\/a><\/p>\n<p>Die ersten acht am Verbandscup 2025<\/p>\n<p>&nbsp;<\/p>\n<p><a href=\"http:\/\/svsarganserland.ch\/Dateien\/Daten%202025\/JS\/JS-Wettschiessen%202025%20in%20Weisstannen.pdf\" target=\"_blank\" rel=\"noopener\">Bericht Jungsch\u00fctzen Wettschiessen 2025 in Weisstannen<\/a><\/p>\n<p><a href=\"http:\/\/svsarganserland.ch\/Dateien\/Daten%202025\/JS\/Rangliste%20Wettschiessen%202025.pdf\" target=\"_blank\" rel=\"noopener\">Rangliste Jungsch\u00fctzen Wettschiessen 2025 in Weisstannen<\/a><\/p>\n<p><a href=\"http:\/\/www.svsarganserland.ch\/wp\/wp-content\/uploads\/2025\/10\/Baran-Celik-Sieger-Wettschiessen-2025-scaled.jpg\"><img loading=\"lazy\" decoding=\"async\" class=\"alignnone  wp-image-788\" src=\"http:\/\/www.svsarganserland.ch\/wp\/wp-content\/uploads\/2025\/10\/Baran-Celik-Sieger-Wettschiessen-2025-300x200.jpg\" alt=\"\" width=\"435\" height=\"290\" srcset=\"http:\/\/www.svsarganserland.ch\/wp\/wp-content\/uploads\/2025\/10\/Baran-Celik-Sieger-Wettschiessen-2025-300x200.jpg 300w, http:\/\/www.svsarganserland.ch\/wp\/wp-content\/uploads\/2025\/10\/Baran-Celik-Sieger-Wettschiessen-2025-1024x683.jpg 1024w, http:\/\/www.svsarganserland.ch\/wp\/wp-content\/uploads\/2025\/10\/Baran-Celik-Sieger-Wettschiessen-2025-768x512.jpg 768w, http:\/\/www.svsarganserland.ch\/wp\/wp-content\/uploads\/2025\/10\/Baran-Celik-Sieger-Wettschiessen-2025-1536x1024.jpg 1536w, http:\/\/www.svsarganserland.ch\/wp\/wp-content\/uploads\/2025\/10\/Baran-Celik-Sieger-Wettschiessen-2025-2048x1365.jpg 2048w\" sizes=\"auto, (max-width: 435px) 100vw, 435px\" \/><\/a><\/p>\n<p>Baran Celik Sieger Wettschiessen 2025<\/p>\n<p><a href=\"http:\/\/www.svsarganserland.ch\/wp\/wp-content\/uploads\/2025\/10\/Wettschiessen-2025-Jungschuetzen-und-ihre-Betreuer-scaled.jpg\"><img loading=\"lazy\" decoding=\"async\" class=\"alignnone  wp-image-787\" src=\"http:\/\/www.svsarganserland.ch\/wp\/wp-content\/uploads\/2025\/10\/Wettschiessen-2025-Jungschuetzen-und-ihre-Betreuer-300x200.jpg\" alt=\"\" width=\"432\" height=\"288\" srcset=\"http:\/\/www.svsarganserland.ch\/wp\/wp-content\/uploads\/2025\/10\/Wettschiessen-2025-Jungschuetzen-und-ihre-Betreuer-300x200.jpg 300w, http:\/\/www.svsarganserland.ch\/wp\/wp-content\/uploads\/2025\/10\/Wettschiessen-2025-Jungschuetzen-und-ihre-Betreuer-1024x683.jpg 1024w, http:\/\/www.svsarganserland.ch\/wp\/wp-content\/uploads\/2025\/10\/Wettschiessen-2025-Jungschuetzen-und-ihre-Betreuer-768x512.jpg 768w, http:\/\/www.svsarganserland.ch\/wp\/wp-content\/uploads\/2025\/10\/Wettschiessen-2025-Jungschuetzen-und-ihre-Betreuer-1536x1024.jpg 1536w, http:\/\/www.svsarganserland.ch\/wp\/wp-content\/uploads\/2025\/10\/Wettschiessen-2025-Jungschuetzen-und-ihre-Betreuer-2048x1365.jpg 2048w\" sizes=\"auto, (max-width: 432px) 100vw, 432px\" \/><\/a><\/p>\n<p>Wettschiessen 2025 Jungschu\u0308tzen und ihre Betreuer<\/p>\n<p>&nbsp;<\/p>\n\n\n<hr class=\"wp-block-separator has-alpha-channel-opacity\"\/>\n\n\n<h4>28. August 2024<\/h4>\n<p><strong>Jungsch\u00fctzen Verbandscup<\/strong><\/p>\n<ul>\n<li><a href=\"http:\/\/svsarganserland.ch\/Dateien\/Daten%202024\/JS24\/Rangliste%20Cup%202024.pdf\" target=\"_blank\" rel=\"noopener\">Rangliste<\/a><\/li>\n<li><a href=\"http:\/\/svsarganserland.ch\/Dateien\/Daten%202024\/JS24\/Bilder%20Verbandscup%202024.pdf\" target=\"_blank\" rel=\"noopener\">Bilder Verbandscup<\/a><\/li>\n<li><a href=\"http:\/\/svsarganserland.ch\/Dateien\/Daten%202024\/JS24\/Bericht%20Sarganserlaender.pdf\" target=\"_blank\" rel=\"noopener\">Bericht Sarganserl\u00e4nder<\/a><\/li>\n<\/ul>\n<p><img loading=\"lazy\" decoding=\"async\" class=\"alignleft size-medium\" src=\"http:\/\/svsarganserland.ch\/Dateien\/Daten%202024\/JS24\/IMG_5801.JPG\" width=\"4272\" height=\"2848\" \/><\/p>\n\n\n<hr class=\"wp-block-separator has-alpha-channel-opacity\"\/>\n\n\n<h4>27. Juni 2024<\/h4>\n<p><strong>Erster H\u00f6hepunkt der Jungsch\u00fctzen!<\/strong><\/p>\n<p><a href=\"http:\/\/svsarganserland.ch\/Dateien\/Daten%202024\/JS24\/Rangliste%20Wettschiessen%202024.pdf\" target=\"_blank\" rel=\"noopener\">Rangliste Wettschiessen<\/a><\/p>\n<p><a href=\"http:\/\/svsarganserland.ch\/Dateien\/Daten%202024\/JS24\/Statistik%20Wettschiessen%202024.pdf\" target=\"_blank\" rel=\"noopener\">Statistik Wettschiessen<\/a><\/p>\n<p><a href=\"http:\/\/svsarganserland.ch\/Dateien\/Daten%202024\/JS24\/Sarganserlaender%2026.06.2024.pdf\" target=\"_blank\" rel=\"noopener\">Bericht Sarganserl\u00e4nder<\/a><\/p>\n<p><a href=\"http:\/\/www.svsarganserland.ch\/wp\/wp-content\/uploads\/2024\/06\/IMG_5727-scaled.jpg\"><img loading=\"lazy\" decoding=\"async\" class=\"alignnone  wp-image-656\" src=\"http:\/\/www.svsarganserland.ch\/wp\/wp-content\/uploads\/2024\/06\/IMG_5727-300x200.jpg\" alt=\"\" width=\"482\" height=\"321\" srcset=\"http:\/\/www.svsarganserland.ch\/wp\/wp-content\/uploads\/2024\/06\/IMG_5727-300x200.jpg 300w, http:\/\/www.svsarganserland.ch\/wp\/wp-content\/uploads\/2024\/06\/IMG_5727-1024x683.jpg 1024w, http:\/\/www.svsarganserland.ch\/wp\/wp-content\/uploads\/2024\/06\/IMG_5727-768x512.jpg 768w, http:\/\/www.svsarganserland.ch\/wp\/wp-content\/uploads\/2024\/06\/IMG_5727-1536x1024.jpg 1536w, http:\/\/www.svsarganserland.ch\/wp\/wp-content\/uploads\/2024\/06\/IMG_5727-2048x1365.jpg 2048w\" sizes=\"auto, (max-width: 482px) 100vw, 482px\" \/><\/a><\/p>\n<h6 style=\"font-weight: 400;\"><strong>Hoch \u00fcber dem Walensee das Siegertrio vom diesj\u00e4hrigen Jungsch\u00fctzenwettschiessen.<\/strong><\/h6>\n<h6 style=\"font-weight: 400;\">v.l.n.R. Bleisch Fabio, Siegerin Kessler Vera und Kalberer Paula.<\/h6>\n<p>&nbsp;<\/p>\n\n\n<hr class=\"wp-block-separator has-alpha-channel-opacity\"\/>\n\n\n<h4>16. Februar 2024<\/h4>\n<p><a href=\"http:\/\/svsarganserland.ch\/Dateien\/Daten%202024\/Termine%20JS%20SVS%202024-1.pdf\" target=\"_blank\" rel=\"noopener\">Termine 2024<\/a><\/p>\n\n\n<hr class=\"wp-block-separator has-css-opacity\"\/>\n\n\n<h4>17. Oktober 2023<\/h4>\n<div class=\"page\" title=\"Page 1\">\n<div class=\"layoutArea\">\n<div class=\"column\">\n<p>31. Verbands Cup Jungsch\u00fctzen 2023<\/p>\n<ul>\n<li><a href=\"http:\/\/svsarganserland.ch\/Dateien\/Daten2023\/JS\/Bericht%20Verbandscup%202023.pdf\" target=\"_blank\" rel=\"noopener\">Bericht Verbandscup 2023<\/a><\/li>\n<li><a href=\"http:\/\/svsarganserland.ch\/Dateien\/Daten2023\/JS\/Wettschiessen%20Rangliste%202023.pdf\" target=\"_blank\" rel=\"noopener\">Rangliste Wettschiessen 2023<\/a><\/li>\n<li><a href=\"http:\/\/svsarganserland.ch\/Dateien\/Daten2023\/JS\/Wettschiessen%20Statistik%202023.pdf\" target=\"_blank\" rel=\"noopener\">Statistik Wettschiessen 2023<\/a><\/li>\n<\/ul>\n<\/div>\n<\/div>\n<\/div>\n\n\n<hr class=\"wp-block-separator has-alpha-channel-opacity\"\/>\n\n\n<h4>21. August 2022<\/h4>\n<h4><span style=\"color: #000000;\">Kant. GM Final JS &amp; JJ in Walenstadt 2022<\/span><\/h4>\n<p><a href=\"http:\/\/svsarganserland.ch\/Dateien\/Daten2022\/JS\/EinzelranglisteU15.pdf\" target=\"_blank\" rel=\"noopener\">Einzelrangliste U 15<\/a><\/p>\n<p><a href=\"http:\/\/svsarganserland.ch\/Dateien\/Daten2022\/JS\/GruppenranglisteU15.pdf\" target=\"_blank\" rel=\"noopener\">Gruppenrangliste U 15<\/a><\/p>\n<p><a href=\"http:\/\/svsarganserland.ch\/Dateien\/Daten2022\/JS\/EinzelranglisteU21.pdf\" target=\"_blank\" rel=\"noopener\">Einzelrangliste U 21<\/a><\/p>\n<p><a href=\"http:\/\/svsarganserland.ch\/Dateien\/Daten2022\/JS\/GruppenranglisteU21.pdf\" target=\"_blank\" rel=\"noopener\">Gruppenrangliste U 21<\/a><\/p>\n<p><img loading=\"lazy\" decoding=\"async\" class=\"alignleft size-medium\" src=\"http:\/\/svsarganserland.ch\/Dateien\/Daten2022\/JS\/Sieger.jpg\" width=\"606\" height=\"446\"><\/p>\n<\/p>\n<h6>Die U15-Siegerinnen des Sch\u00fctzenvereins Sargans mit ihren Betreuern: Oskar Michel, Ricarda Schneider,<\/h6>\n<h6>Paula Kalberer, Jennifer Schneider und Beda Kocherhans (von links)<\/h6>\n<\/p>\n<p><strong>Berichte im Sarganserl\u00e4nder<\/strong><\/p>\n<p><a href=\"http:\/\/svsarganserland.ch\/Dateien\/Daten2022\/JS\/Sarganserlaender%2015.07.2022.pdf\" target=\"_blank\" rel=\"noopener\">Tiefschuss bringt die Entscheidung<\/a><\/p>\n<p><a href=\"http:\/\/svsarganserland.ch\/Dateien\/Daten2022\/JS\/Sarganserlaender%2013.08.2022.pdf\" target=\"_blank\" rel=\"noopener\">Sarganser Sieg im Kantonalfinal<\/a><\/p>\n<\/p>\n\n\n<hr class=\"wp-block-separator has-css-opacity\"\/>\n\n\n<h5>27. Juni 2022<\/h5>\n<p><strong>Jungsch\u00fctzenwettschiessen 2022<\/strong><\/p>\n<p><a href=\"http:\/\/svsarganserland.ch\/Dateien\/Daten2022\/JS\/Wettschiessen%202022_gesammt.pdf\" target=\"_blank\" rel=\"noopener\">Rangliste&nbsp;Jungsch\u00fctzen<\/a><\/p>\n<p><a href=\"http:\/\/svsarganserland.ch\/Dateien\/Daten2022\/JS\/Leiter%202022.pdf\" target=\"_blank\" rel=\"noopener\">Rangliste Leiter<\/a><\/p>\n<p><a href=\"http:\/\/www.svsarganserland.ch\/wp\/wp-content\/uploads\/2022\/06\/Kocherhans-Beda-und-Kalberer-Paula.jpg\"><img loading=\"lazy\" decoding=\"async\" class=\"alignnone  wp-image-457\" src=\"http:\/\/www.svsarganserland.ch\/wp\/wp-content\/uploads\/2022\/06\/Kocherhans-Beda-und-Kalberer-Paula-300x200.jpg\" alt=\"\" width=\"410\" height=\"273\" srcset=\"http:\/\/www.svsarganserland.ch\/wp\/wp-content\/uploads\/2022\/06\/Kocherhans-Beda-und-Kalberer-Paula-300x200.jpg 300w, http:\/\/www.svsarganserland.ch\/wp\/wp-content\/uploads\/2022\/06\/Kocherhans-Beda-und-Kalberer-Paula.jpg 600w\" sizes=\"auto, (max-width: 410px) 100vw, 410px\" \/><\/a><\/p>\n<h6>Die Gewinnerin Paula Kalberer mit Ihrem Trainer und Grossvater Beda Kocherhans<\/h6>\n\n\n<hr class=\"wp-block-separator has-css-opacity\"\/>\n\n\n<p><strong>11. M\u00e4rz 2022<\/strong><\/p>\n<p><a href=\"http:\/\/svsarganserland.ch\/Dateien\/Daten2022\/JS\/Fruehjahressitzung%202022.pdf\" target=\"_blank\" rel=\"noopener\">Fr\u00fchjahressitzung 15.02.2022<\/a><\/p>\n<p><a href=\"http:\/\/svsarganserland.ch\/Dateien\/Daten2022\/JS\/Termine%20JS%20SVS%202022.pdf\" target=\"_blank\" rel=\"noopener\">Termine Jungsch\u00fctzen 2022<\/a><\/p>\n\n\n<hr class=\"wp-block-separator has-css-opacity\"\/>\n\n\n<p>19. September 2021<\/p>\n<p><a href=\"http:\/\/svsarganserland.ch\/Dateien\/Daten2021\/Schiessbetrieb\/Ranglisten\/Rangliste%20Cup%202021.pdf\" target=\"_blank\" rel=\"noopener\">Rangliste 29. Verbands Cup Jungsch\u00fctzen 2021<\/a><\/p>\n<p><a href=\"http:\/\/svsarganserland.ch\/Dateien\/Daten2021\/Schiessbetrieb\/Ranglisten\/Bericht%20Verbandscup%202021.pdf\" target=\"_blank\" rel=\"noopener\">Bericht 29. Verbands Cup Jungsch\u00fctzen 2021<\/a><\/p>\n\n\n<hr class=\"wp-block-separator has-css-opacity\"\/>\n\n\n<\/p>\n<p>6. September 2021<\/p>\n<p><a href=\"http:\/\/svsarganserland.ch\/Dateien\/Daten2021\/Schiessbetrieb\/Ranglisten\/JS_Wettschiessen%202021.pdf\" target=\"_blank\" rel=\"noopener\">Jungsch\u00fctzenwettschiessen 2021<\/a><\/p>\n\n\n<hr class=\"wp-block-separator has-css-opacity\"\/>\n\n\n\n<p><br>8. November 2020<br><a rel=\"noreferrer noopener\" href=\"http:\/\/svsarganserland.ch\/Dateien\/Daten%202020\/Rangliste%20Wettschiessen%202020.pdf\" target=\"_blank\">Rangliste<\/a>&nbsp;Wettschiessen 2020<br><br>14. Februar 2020<br><a rel=\"noreferrer noopener\" href=\"http:\/\/svsarganserland.ch\/Dateien\/Daten%202020\/Termine%20JS%20SVS%202020.pdf\" target=\"_blank\">Termine<\/a>&nbsp;Jungsch\u00fctzenwesen 2020<br><br>11. September 2019<br><strong>Spannender Wettkampf der Sarganserl\u00e4nder Jungsch\u00fctzen in Walenstadt<\/strong><br><br><br><strong><em>Die acht Medaillengewinner<br><\/em><\/strong>Stehend v.l.n.r. Siedler Florian, Gr\u00fcnenfelder Claudia, Kalberer Lena, Giger Daniel,<br>Fleischmann Jim Kniend v.l.n.r. W\u00e4lti Simon, Schrepfer Fabian, Vetsch Martin<br><\/p>\n\n\n\n<ul class=\"wp-block-list\">\n<li><a href=\"http:\/\/svsarganserland.ch\/Dateien\/Daten2019\/Bericht%20Verbandscup%202019.pdf\" target=\"_blank\" rel=\"noreferrer noopener\">Bericht&nbsp;<\/a>Verbands Cup 2019<\/li>\n\n\n\n<li><a href=\"http:\/\/svsarganserland.ch\/Dateien\/Daten2019\/Rangliste%20Cup%202019%20JS.pdf\" target=\"_blank\" rel=\"noreferrer noopener\">Rangliste<\/a>&nbsp;Verbands Cup 2019<\/li>\n<\/ul>\n\n\n\n<p><br><br>30. August 2019<br>JS-Wettschiessen 2019<\/p>\n\n\n\n<ul class=\"wp-block-list\">\n<li><a href=\"http:\/\/svsarganserland.ch\/Dateien\/Daten2019\/Jungsch%C3%83%C2%BCtzenwettschiessen%202019.pdf\" target=\"_blank\" rel=\"noreferrer noopener\">Rangliste<\/a><\/li>\n\n\n\n<li><a href=\"http:\/\/svsarganserland.ch\/Dateien\/Daten2019\/Bericht%20ESFJ.pdf\" target=\"_blank\" rel=\"noreferrer noopener\">Bericht<\/a>&nbsp;ESFJ 2019<\/li>\n<\/ul>\n\n\n\n<p><br><br>7. Februar 2019<br><a href=\"http:\/\/svsarganserland.ch\/Dateien\/Daten2019\/Termine%20JS%202019.pdf\" target=\"_blank\" rel=\"noreferrer noopener\">Termine Jungsch\u00fctzenwesen<\/a>&nbsp;2019<br><br>9. November 2018<br>Verbandscup 2018<\/p>\n\n\n\n<ul class=\"wp-block-list\">\n<li><a href=\"http:\/\/svsarganserland.ch\/Dateien\/Daten%202018\/1118\/Bericht%20Verbandscup%202018.pdf\" target=\"_blank\" rel=\"noreferrer noopener\">Bericht<\/a>&nbsp;Verbandscup 2018<\/li>\n\n\n\n<li><a href=\"http:\/\/svsarganserland.ch\/Dateien\/Daten%202018\/1118\/Rangliste%20Cup%202018.pdf\" target=\"_blank\" rel=\"noreferrer noopener\">Rangliste<\/a>&nbsp;Verbandscup 2018<\/li>\n<\/ul>\n\n\n\n<p><br>Ranglisten JS-Wettschiessen 2018<\/p>\n\n\n\n<ul class=\"wp-block-list\">\n<li><a href=\"http:\/\/svsarganserland.ch\/Dateien\/Daten%202018\/1118\/JS-Wettschiessen2018Gesamtrangliste.pdf\" target=\"_blank\" rel=\"noreferrer noopener\">Gesamtrangliste<\/a><\/li>\n\n\n\n<li><a href=\"http:\/\/svsarganserland.ch\/Dateien\/Daten%202018\/1118\/JS-Wettschiessen2018Kurs%201.pdf\" target=\"_blank\" rel=\"noreferrer noopener\">Kurs 1<\/a><\/li>\n\n\n\n<li><a href=\"http:\/\/svsarganserland.ch\/Dateien\/Daten%202018\/1118\/JS-Wettschiessen2018Kurs%202.pdf\" target=\"_blank\" rel=\"noreferrer noopener\">Kurs 2<\/a><\/li>\n\n\n\n<li><a href=\"http:\/\/svsarganserland.ch\/Dateien\/Daten%202018\/1118\/JS-Wettschiessen2018Kurs%203.pdf\" target=\"_blank\" rel=\"noreferrer noopener\">Kurs 3<\/a><\/li>\n\n\n\n<li><a href=\"http:\/\/svsarganserland.ch\/Dateien\/Daten%202018\/1118\/JS-Wettschiessen2018Kurs%204.pdf\" target=\"_blank\" rel=\"noreferrer noopener\">Kurs 4<\/a><\/li>\n\n\n\n<li><a href=\"http:\/\/svsarganserland.ch\/Dateien\/Daten%202018\/1118\/JS-Wettschiessen2018Kurs%205.pdf\" target=\"_blank\" rel=\"noreferrer noopener\">Kurs 5<\/a><\/li>\n\n\n\n<li><a href=\"http:\/\/svsarganserland.ch\/Dateien\/Daten%202018\/1118\/JS-Wettschiessen2018Kurs%206.pdf\" target=\"_blank\" rel=\"noreferrer noopener\">Kurs 6<\/a><\/li>\n<\/ul>\n\n\n\n<p><br>20. Mai 2018<br><a href=\"http:\/\/svsarganserland.ch\/Dateien\/Daten%202018\/Bericht%20JS%20Traning%20Weisstannen.pdf\" target=\"_blank\" rel=\"noreferrer noopener\">Bericht &nbsp;Jungsch\u00fctzentrainings<\/a>&nbsp;in Weisstannen<br><br>10. M\u00e4rz 2018<br><a href=\"http:\/\/svsarganserland.ch\/Dateien\/Daten%202018\/Termine%20JS%202018%20SVS.pdf\" target=\"_blank\" rel=\"noreferrer noopener\">Terminliste<\/a>&nbsp;2018<br><br>21. November 2017<br><a href=\"http:\/\/svsarganserland.ch\/Dateien\/Daten2017\/Bericht%20Verbandscup%202017.pdf\" target=\"_blank\" rel=\"noreferrer noopener\">Bericht<\/a>&nbsp;Verbands Cup Jungsch\u00fctzen 2017<br><br><img decoding=\"async\" src=\"http:\/\/www.svsarganserland.ch\/images\/martin-vetsch.jpg\" alt=\"\"><br>Bild: Emil Aggeler<br>Martin Vetsch, der Sieger des diesj\u00e4hrigern Verbands Cups vom Sch\u00fctzenverband Sarganserland<br><br>4. Juli 2017<br>Ranglisten JS-Wettschiessen 2017<br><\/p>\n\n\n\n<ul class=\"wp-block-list\">\n<li>&nbsp;<a href=\"http:\/\/svsarganserland.ch\/Dateien\/Daten2017\/Jungschu%C3%8C%CB%86tzenwettschiessen%202017\/Wettschiessen%20Jugendliche%202017.pdf\" target=\"_blank\" rel=\"noreferrer noopener\">Kurs JJ<\/a><\/li>\n\n\n\n<li>&nbsp;<a href=\"http:\/\/svsarganserland.ch\/Dateien\/Daten2017\/Jungschu%C3%8C%CB%86tzenwettschiessen%202017\/Wettschiessen%20Kurs%201%202017.pdf\" target=\"_blank\" rel=\"noreferrer noopener\">Kurs 1<\/a><\/li>\n\n\n\n<li>&nbsp;<a href=\"http:\/\/svsarganserland.ch\/Dateien\/Daten2017\/Jungschu%C3%8C%CB%86tzenwettschiessen%202017\/Wettschiessen%20Kurs%202%202017.pdf\" target=\"_blank\" rel=\"noreferrer noopener\">Kurs 2<\/a><\/li>\n\n\n\n<li>&nbsp;<a href=\"http:\/\/svsarganserland.ch\/Dateien\/Daten2017\/Jungschu%C3%8C%CB%86tzenwettschiessen%202017\/Wettschiessen%20Kurs%205%202017.pdf\" target=\"_blank\" rel=\"noreferrer noopener\">Kurs 5<\/a><\/li>\n\n\n\n<li>&nbsp;<a href=\"http:\/\/svsarganserland.ch\/Dateien\/Daten2017\/Jungschu%C3%8C%CB%86tzenwettschiessen%202017\/Wettschiessen%20Kurs%206%202017.pdf\" target=\"_blank\" rel=\"noreferrer noopener\">Kurs 6<\/a><\/li>\n\n\n\n<li>&nbsp;<a href=\"http:\/\/svsarganserland.ch\/Dateien\/Daten2017\/Jungschu%C3%8C%CB%86tzenwettschiessen%202017\/Wettschiessen%20Leiter%202017.pdf\" target=\"_blank\" rel=\"noreferrer noopener\">Leiter<\/a><\/li>\n\n\n\n<li>&nbsp;<a href=\"http:\/\/svsarganserland.ch\/Dateien\/Daten2017\/Jungschu%C3%8C%CB%86tzenwettschiessen%202017\/Wettschiessen%20Mols%202017.pdf\" target=\"_blank\" rel=\"noreferrer noopener\">Mols<\/a><\/li>\n\n\n\n<li>&nbsp;<a href=\"http:\/\/svsarganserland.ch\/Dateien\/Daten2017\/Jungschu%C3%8C%CB%86tzenwettschiessen%202017\/Wettschiessen%20Walenstadt%202017.pdf\" target=\"_blank\" rel=\"noreferrer noopener\">Walenstadt<\/a><\/li>\n\n\n\n<li>&nbsp;<a href=\"http:\/\/svsarganserland.ch\/Dateien\/Daten2017\/Jungschu%C3%8C%CB%86tzenwettschiessen%202017\/Wettschiessen%20Flums%20Grossberg%202017.pdf\" target=\"_blank\" rel=\"noreferrer noopener\">Flums-Grossberg<\/a><\/li>\n\n\n\n<li>&nbsp;<a href=\"http:\/\/svsarganserland.ch\/Dateien\/Daten2017\/Jungschu%C3%8C%CB%86tzenwettschiessen%202017\/Wettschiessen%20Mels%202017.pdf\" target=\"_blank\" rel=\"noreferrer noopener\">Mels<\/a><\/li>\n\n\n\n<li>&nbsp;<a href=\"http:\/\/svsarganserland.ch\/Dateien\/Daten2017\/Jungschu%C3%8C%CB%86tzenwettschiessen%202017\/Wettschiessen%20Sargans%202017.pdf\" target=\"_blank\" rel=\"noreferrer noopener\">Sargans<\/a><\/li>\n\n\n\n<li>&nbsp;<a href=\"http:\/\/svsarganserland.ch\/Dateien\/Daten2017\/Jungschu%C3%8C%CB%86tzenwettschiessen%202017\/Wettschiessen%20Vilters%202017.pdf\" target=\"_blank\" rel=\"noreferrer noopener\">Vilters<\/a><\/li>\n\n\n\n<li>&nbsp;<a href=\"http:\/\/svsarganserland.ch\/Dateien\/Daten2017\/Jungschu%C3%8C%CB%86tzenwettschiessen%202017\/Wettschiessen%20Taminatal%202017.pdf\" target=\"_blank\" rel=\"noreferrer noopener\">Taminatal<\/a><\/li>\n\n\n\n<li>&nbsp;<a href=\"http:\/\/svsarganserland.ch\/Dateien\/Daten2017\/Jungschu%C3%8C%CB%86tzenwettschiessen%202017\/Wettschiessen%20Gesamtrangliste%202017.pdf\" target=\"_blank\" rel=\"noreferrer noopener\">Gesamtrangliste<\/a><\/li>\n<\/ul>\n\n\n\n<p><br><img decoding=\"async\" src=\"http:\/\/www.svsarganserland.ch\/images\/js2017.jpg\" alt=\"\"><br><br>28. November 2016<br><a href=\"http:\/\/svsarganserland.ch\/Dateien\/Daten2017\/Termine%202017%20SVS_JS.pdf\" target=\"_blank\" rel=\"noreferrer noopener\">Terminliste<\/a>&nbsp;Jungsch\u00fctzen 2017<br><br>5. November 2016<br>19. Schweizerischer Junioren-&nbsp;und Veteranen&nbsp;Schiessen<br>29. Oktober 2016, Thun\/Guntelsey<br><a href=\"http:\/\/svsarganserland.ch\/Dateien\/Daten%202016\/Ranglisten16\/JS\/JUVE_2016_Gesamtrangliste.pdf\" target=\"_blank\" rel=\"noreferrer noopener\">Gesamtrangliste<\/a><br><a href=\"http:\/\/svsarganserland.ch\/Dateien\/Daten%202016\/Ranglisten16\/JS\/JUVE_2016_Meisterfinalrangliste.pdf\" target=\"_blank\" rel=\"noreferrer noopener\">Meisterfinalrangliste<\/a><br><br>20. September 2016<br><a href=\"http:\/\/svsarganserland.ch\/Dateien\/Daten%202016\/Ranglisten16\/JS\/rangliste_js-nachtschiessen_2016.pdf1021663262.pdf\" target=\"_blank\" rel=\"noreferrer noopener\">Rangliste<\/a>&nbsp;Taminataler Naschtschiessen<br><a href=\"http:\/\/svsarganserland.ch\/Dateien\/Daten%202016\/Ranglisten16\/JS\/Rangliste%20U21%20Final%202016.pdf\" target=\"_blank\" rel=\"noreferrer noopener\">Rangliste<\/a>&nbsp;18. St .Galler U21 Final<br><a href=\"http:\/\/svsarganserland.ch\/Dateien\/Daten%202016\/Ranglisten16\/JS\/Rangliste%20Kant.%20JSJJ%20GM%202016.pdf\" target=\"_blank\" rel=\"noreferrer noopener\">Rangliste<\/a>&nbsp;Gruppenfinal Junioren\/Jungsch\u00fctzen<br><br>3. Juli 2016<br>Ranglisten JS-Wettschiessen 2016<br><\/p>\n\n\n\n<ul class=\"wp-block-list\">\n<li><a href=\"http:\/\/www.svsarganserland.ch\/Dateien\/Daten%202016\/Ranglisten16\/JS\/Wettschiessen%202016%20Kurs%20JJ.pdf\" target=\"_blank\" rel=\"noreferrer noopener\">Kurs JJ<\/a><\/li>\n\n\n\n<li><a href=\"http:\/\/svsarganserland.ch\/Dateien\/Daten%202016\/Ranglisten16\/JS\/Wettschiessen%202016%20Kurs%201.pdf\" target=\"_blank\" rel=\"noreferrer noopener\">Kurs 1<\/a><\/li>\n\n\n\n<li><a href=\"http:\/\/svsarganserland.ch\/Dateien\/Daten%202016\/Ranglisten16\/JS\/Wettschiessen%202016%20Kurs%202.pdf\" target=\"_blank\" rel=\"noreferrer noopener\">Kurs 2<\/a><\/li>\n\n\n\n<li><a href=\"http:\/\/svsarganserland.ch\/Dateien\/Daten%202016\/Ranglisten16\/JS\/Wettschiessen%202016%20Kurs%203.pdf\" target=\"_blank\" rel=\"noreferrer noopener\">Kurs 3<\/a><\/li>\n\n\n\n<li><a href=\"http:\/\/svsarganserland.ch\/Dateien\/Daten%202016\/Ranglisten16\/JS\/Wettschiessen%202016%20Kurs%204.pdf\" target=\"_blank\" rel=\"noreferrer noopener\">Kurs 4<\/a><\/li>\n\n\n\n<li><a href=\"http:\/\/svsarganserland.ch\/Dateien\/Daten%202016\/Ranglisten16\/JS\/Wettschiessen%202016%20Kurs%205.pdf\" target=\"_blank\" rel=\"noreferrer noopener\">Kurs 5<\/a><\/li>\n\n\n\n<li><a href=\"http:\/\/svsarganserland.ch\/Dateien\/Daten%202016\/Ranglisten16\/JS\/Wettschiessen%202016%20Kurs%206.pdf\" target=\"_blank\" rel=\"noreferrer noopener\">Kurs 6<\/a><\/li>\n\n\n\n<li><a href=\"http:\/\/svsarganserland.ch\/Dateien\/Daten%202016\/Ranglisten16\/JS\/Wettschiessen%202016%20Leiter.pdf\" target=\"_blank\" rel=\"noreferrer noopener\">Leiter<\/a><\/li>\n\n\n\n<li><a href=\"http:\/\/svsarganserland.ch\/Dateien\/Daten%202016\/Ranglisten16\/JS\/Wettschiessen%202016%20Mols.pdf\" target=\"_blank\" rel=\"noreferrer noopener\">Mols<\/a><\/li>\n\n\n\n<li><a href=\"http:\/\/svsarganserland.ch\/Dateien\/Daten%202016\/Ranglisten16\/JS\/Wettschiessen%202016%20Walenstadt.pdf\" target=\"_blank\" rel=\"noreferrer noopener\">Walenstadt<\/a><\/li>\n\n\n\n<li><a href=\"http:\/\/svsarganserland.ch\/Dateien\/Daten%202016\/Ranglisten16\/JS\/Wettschiessen%202016%20Flums%20Grossberg.pdf\" target=\"_blank\" rel=\"noreferrer noopener\">Flums-Grossberg<\/a><\/li>\n\n\n\n<li><a href=\"http:\/\/svsarganserland.ch\/Dateien\/Daten%202016\/Ranglisten16\/JS\/Wettschiessen%202016%20Mels.pdf\" target=\"_blank\" rel=\"noreferrer noopener\">Mels<\/a><\/li>\n\n\n\n<li><a href=\"http:\/\/svsarganserland.ch\/Dateien\/Daten%202016\/Ranglisten16\/JS\/Wettschiessen%202016%20Sargans.pdf\" target=\"_blank\" rel=\"noreferrer noopener\">Sargans<\/a><\/li>\n\n\n\n<li><a href=\"http:\/\/svsarganserland.ch\/Dateien\/Daten%202016\/Ranglisten16\/JS\/Wettschiessen%202016%20Vilters.pdf\" target=\"_blank\" rel=\"noreferrer noopener\">Vilters<\/a><\/li>\n\n\n\n<li><a href=\"http:\/\/svsarganserland.ch\/Dateien\/Daten%202016\/Ranglisten16\/JS\/Wettschiessen%202016%20Taminatal.pdf\" target=\"_blank\" rel=\"noreferrer noopener\">Taminatal<\/a><\/li>\n\n\n\n<li><a href=\"http:\/\/svsarganserland.ch\/Dateien\/Daten%202016\/Ranglisten16\/JS\/Wettschiessen%202016%20Gesamtrangliste.pdf\" target=\"_blank\" rel=\"noreferrer noopener\">Gesamtrangliste<\/a><\/li>\n<\/ul>\n\n\n\n<p><br><br><br>20. Dezember 2015<br><a href=\"http:\/\/svsarganserland.ch\/Dateien\/Daten%202016\/Termine%202016%20SVS.pdf\" target=\"_blank\" rel=\"noreferrer noopener\">Terminliste<\/a>&nbsp;2016<br><br>30. September 2015<br>Final&nbsp;<a href=\"http:\/\/svsarganserland.ch\/Dateien\/Daten2015\/2015_SGMJ_Final_Rangliste.pdf\" target=\"_blank\" rel=\"noreferrer noopener\">Schweizer Gruppenmeisterschaft<\/a>&nbsp;Gewehr 300m f\u00fcr<br>Jungsch\u00fctzen und Jugendliche (SGMJ-300)<br><br>25. September 2015<br><a href=\"http:\/\/svsarganserland.ch\/Dateien\/Daten2015\/rangliste_js-nachtschiessen_2015.pdf\" target=\"_blank\" rel=\"noreferrer noopener\">Rangliste<\/a>&nbsp;Taminataler JS-Nachtschiessen<br><br><br><br>7. September 2015<br>25.&nbsp;<a href=\"http:\/\/svsarganserland.ch\/Dateien\/Daten2015\/Rangliste%20Cup%202015.pdf\" target=\"_blank\" rel=\"noreferrer noopener\">Verbands Cup<\/a>&nbsp;Jungsch\u00fctzen 2015<br><br><br><em>Hug Vanessa, Locher Niclas, K\u00f6ppel Michael<\/em><br><br>1. September 2015<br><strong>17. St. Galler U21 Final in Gossau, Breitfeld<br><\/strong><a href=\"http:\/\/svsarganserland.ch\/Dateien\/Daten2015\/U21-2015-komplett.pdf\" target=\"_blank\" rel=\"noreferrer noopener\">Rangliste<\/a><br><br>&nbsp;<br><em><a href=\"http:\/\/svsarganserland.ch\/Dateien\/Daten2015\/U21%20Final%20Noah%20Gubser.png\" target=\"_blank\" rel=\"noreferrer noopener\">(Bericht Sarganserl\u00e4nder)<\/a><\/em><br><br>24. August 2015<br>16. Ostschweizer Gruppenwettkampf f\u00fcr Jugendliche<br><br>&#8211;&nbsp;<a href=\"http:\/\/svsarganserland.ch\/Dateien\/Daten2015\/Rangliste_Final__JJ_Einzelrangliste2015.pdf\" target=\"_blank\" rel=\"noreferrer noopener\">Einzelrangliste<\/a>&nbsp;JJ<br>&#8211;&nbsp;<a href=\"http:\/\/svsarganserland.ch\/Dateien\/Daten2015\/Rangliste_Final__JJ_Gruppenrangliste2015.pdf\" target=\"_blank\" rel=\"noreferrer noopener\">Gruppenrangliste<\/a>&nbsp;JJ<br>&#8211;&nbsp;<a href=\"http:\/\/svsarganserland.ch\/Dateien\/Daten2015\/Rangliste_Final__JS_Einzelrangliste2015.pdf\" target=\"_blank\" rel=\"noreferrer noopener\">Einzelrangliste<\/a>&nbsp;JS<br>&#8211;&nbsp;<a href=\"http:\/\/svsarganserland.ch\/Dateien\/Daten2015\/Rangliste_Final__JS__Gruppenrangliste2015.pdf\" target=\"_blank\" rel=\"noreferrer noopener\">Gruppenrangliste<\/a>&nbsp;JS<br><br><br>13. August 2015<br>50. Kantonaler Gruppenfinal Jungschutzen&nbsp;\/&nbsp;14. Kantonaler Gruppenfinal Jugendliche<br><a href=\"http:\/\/svsarganserland.ch\/Dateien\/Daten2015\/Kantonaler%20Gruppenfinal%20Jungschuetzen.pdf\" target=\"_blank\" rel=\"noreferrer noopener\">Rangliste<\/a><br><a href=\"http:\/\/svsarganserland.ch\/Dateien\/Daten2015\/SL%20kant%20Gruppenmeisterschaft.pdf\" target=\"_blank\" rel=\"noreferrer noopener\">Bericht<\/a>&nbsp;Sarganserl\u00e4nder<br><br><br><br>4. Juli 2015<br>Ranglisten JS-Wettschiessen 2015<br><\/p>\n\n\n\n<ul class=\"wp-block-list\">\n<li><a href=\"http:\/\/svsarganserland.ch\/Dateien\/Daten2015\/JS_Wettschiessen\/Kurs%20JJ%20Bezirkswettschiessen%202015.pdf\" target=\"_blank\" rel=\"noreferrer noopener\">Kurs JJ<\/a><\/li>\n\n\n\n<li><a href=\"http:\/\/svsarganserland.ch\/Dateien\/Daten2015\/JS_Wettschiessen\/Kurs%201%20Bezirkswettschiessen%202015.pdf\" target=\"_blank\" rel=\"noreferrer noopener\">Kurs 1<\/a><\/li>\n\n\n\n<li><a href=\"http:\/\/svsarganserland.ch\/Dateien\/Daten2015\/JS_Wettschiessen\/Kurs%202%20Bezirkswettschiessen%202015.pdf\" target=\"_blank\" rel=\"noreferrer noopener\">Kurs 2<\/a><\/li>\n\n\n\n<li><a href=\"http:\/\/svsarganserland.ch\/Dateien\/Daten2015\/JS_Wettschiessen\/Krus%203%20Bezirkswettschiessen%202015.pdf\" target=\"_blank\" rel=\"noreferrer noopener\">Kurs 3<\/a><\/li>\n\n\n\n<li><a href=\"http:\/\/svsarganserland.ch\/Dateien\/Daten2015\/JS_Wettschiessen\/Kurs%204%20Bezirkswettschiessen%202015.pdf\" target=\"_blank\" rel=\"noreferrer noopener\">Kurs 4<\/a><\/li>\n\n\n\n<li><a href=\"http:\/\/svsarganserland.ch\/Dateien\/Daten2015\/JS_Wettschiessen\/Leiter%20Bezirkswettschiessen%202015.pdf\" target=\"_blank\" rel=\"noreferrer noopener\">Leiter<\/a><\/li>\n\n\n\n<li><a href=\"http:\/\/svsarganserland.ch\/Dateien\/Daten2015\/JS_Wettschiessen\/Mols%20Bezirkswettschiessen%202015.pdf\" target=\"_blank\" rel=\"noreferrer noopener\">Mols<\/a><\/li>\n\n\n\n<li><a href=\"http:\/\/svsarganserland.ch\/Dateien\/Daten2015\/JS_Wettschiessen\/Walenstadt%20Bezirkswettschiessen%202015.pdf\" target=\"_blank\" rel=\"noreferrer noopener\">Walenstadt<\/a><\/li>\n\n\n\n<li><a href=\"http:\/\/svsarganserland.ch\/Dateien\/Daten2015\/JS_Wettschiessen\/Flums-Grossberg%20Bezirkswettschiessen%202015.pdf\" target=\"_blank\" rel=\"noreferrer noopener\">Flums-Grossberg<\/a><\/li>\n\n\n\n<li><a href=\"http:\/\/svsarganserland.ch\/Dateien\/Daten2015\/JS_Wettschiessen\/Mels%20Bezirkswettschiessen%202015.pdf\" target=\"_blank\" rel=\"noreferrer noopener\">Mels<\/a><\/li>\n\n\n\n<li><a href=\"http:\/\/svsarganserland.ch\/Dateien\/Daten2015\/JS_Wettschiessen\/Sargans%20Bezirkswettschiessen%202015.pdf\" target=\"_blank\" rel=\"noreferrer noopener\">Sargans<\/a><\/li>\n\n\n\n<li><a href=\"http:\/\/svsarganserland.ch\/Dateien\/Daten2015\/JS_Wettschiessen\/Vilters%20Bezirkswettschiessen%202015.pdf\" target=\"_blank\" rel=\"noreferrer noopener\">Vilters<\/a><\/li>\n\n\n\n<li><a href=\"http:\/\/svsarganserland.ch\/Dateien\/Daten2015\/JS_Wettschiessen\/Taminatal%20Bezirkswettschiessen%202015.pdf\" target=\"_blank\" rel=\"noreferrer noopener\">Taminatal<\/a><\/li>\n\n\n\n<li><a href=\"http:\/\/svsarganserland.ch\/Dateien\/Daten2015\/JS_Wettschiessen\/Gesamtrangliste%20Bezirkswettschiessen%202015.pdf\" target=\"_blank\" rel=\"noreferrer noopener\">Gesamtrangliste<\/a><\/li>\n<\/ul>\n\n\n\n<p><br><br>18. Juni 2015<br><br><br><br><strong><em>Tag der Jugend<\/em><\/strong><strong><br><\/strong><a href=\"http:\/\/svsarganserland.ch\/Dateien\/Daten2015\/Gesamtrangliste%20Tag%20der%20Jugend%20Wallis%202015.pdf\" target=\"_blank\" rel=\"noreferrer noopener\">Finalresultate Jungsch\u00fctzenwettkampf<\/a>&nbsp;\/ Gewehr 300m \/ Stgw 90<br><a href=\"http:\/\/svsarganserland.ch\/Dateien\/Daten2015\/Rangliste_G300_Kantonewettkampf%20Wallis%202015.pdf\" target=\"_blank\" rel=\"noreferrer noopener\">Kantonalwettkampf&nbsp;<\/a>G300 &nbsp;<br><br>17. Februar 2015<br><a href=\"http:\/\/svsarganserland.ch\/Dateien\/Daten2015\/Termine%20JS%202015%20SVS.pdf\" target=\"_blank\" rel=\"noreferrer noopener\">Terminplan<\/a>&nbsp;2015<br><br><br>2014 &#8212;&#8212;&#8212;&#8212;&#8212;&#8212;&#8212;&#8212;&#8212;&#8212;&#8212;&#8212;&#8212;&#8212;&#8212;&#8212;&#8212;&#8212;&#8212;&#8212;&#8212;&#8212;&#8212;&#8212;&#8212;&#8212;&#8212;&#8212;-<br><br>4. November 2014<br><strong>17. Schweizerischer Junioren-&nbsp;und Veteranen Einzelfinal<\/strong><strong><br>25. Oktober 2014, Thun\/Guntelsey<\/strong><br><a href=\"http:\/\/www.svsarganserland.ch\/files\/JUVE_2014_Meisterfinalrangliste.pdf\" target=\"_blank\" rel=\"noreferrer noopener\">Meisterfinalrangliste<\/a><br><a href=\"http:\/\/www.svsarganserland.ch\/files\/JUVE_2014_Gesamtrangliste.pdf\">Gesamtrangliste<\/a><br><br><br>9.September 2014<br><a href=\"http:\/\/www.svsarganserland.ch\/files\/G300m_OGWJJ_2014_Rangliste.pdf\" target=\"_blank\" rel=\"noreferrer noopener\">Rangliste&nbsp;<\/a>Ostschweizer GM Final JJ von Winterthur<br><a href=\"http:\/\/www.svsarganserland.ch\/files\/G300m_OJGM_2014_Rangliste.pdf\" target=\"_blank\" rel=\"noreferrer noopener\">Rangliste&nbsp;<\/a>Ostschweizer GM Final JS von Winterthur<br><a href=\"http:\/\/www.svsarganserland.ch\/files\/U21-Final2014.pdf\" target=\"_blank\" rel=\"noreferrer noopener\">Rangliste&nbsp;<\/a>U21 Final JJ\/JS von St.Gallen<br><a href=\"http:\/\/www.svsarganserland.ch\/files\/Rangliste-Cup-2014.pdf\" target=\"_blank\" rel=\"noreferrer noopener\">Rangliste&nbsp;<\/a>Verbands-Cup 2014<br><br><br><br>17. August 2014<br><a href=\"http:\/\/www.svsarganserland.ch\/files\/Rangliste-Kant.-JSJJ-GM-2014.pdf\" target=\"_blank\" rel=\"noreferrer noopener\">Ranglisten&nbsp;<\/a>49. Gruppenfinal Jungsch\u00fctzen<br><a href=\"http:\/\/www.svsarganserland.ch\/files\/Rangliste-Kant.-JSJJ-GM-2014.pdf\" target=\"_blank\" rel=\"noreferrer noopener\">Ranglisten<\/a>&nbsp;13. Kantonaler Gruppenfinal Jugendliche<br><a href=\"http:\/\/www.svsarganserland.ch\/files\/Bericht-Sarganserlaender-Kontonal-GM-Final.pdf\" target=\"_blank\" rel=\"noreferrer noopener\">Ein Mekka der Jungsch\u00fctzen<\/a>&nbsp;(Bericht Sarganserl\u00e4nder von Peter Jenni)<br><br><br>Bilder Peter Jenni<br><br>6.Juli 2014<br><a href=\"http:\/\/www.svsarganserland.ch\/files\/JS-Bezirkswettschiessen-2014.pdf\">JS Bezirkswettschiessen 2014<\/a><strong><br><br><\/strong>2013 &#8212;&#8212;&#8212;&#8212;&#8212;&#8212;&#8212;&#8212;&#8212;&#8212;&#8212;&#8212;&#8212;&#8212;&#8212;&#8212;&#8212;&#8212;&#8212;&#8212;&#8212;&#8212;&#8212;&#8212;&#8212;&#8212;&#8212;&#8212;-<strong><br><\/strong><strong><br>16. Schweizerischer Junioren-&nbsp;und Veteranen Einzelfinal,&nbsp;26.10.2013, Thun\/Guntelsey<\/strong><br>Click&nbsp;<a href=\"http:\/\/www.svsarganserland.ch\/files\/JUVE_2013_Gesamtrangliste.pdf\" target=\"_blank\" rel=\"noreferrer noopener\">(pdf)&nbsp;Rangliste<\/a><br><br><strong>Ranglisten 2013<\/strong><\/p>\n\n\n\n<ul class=\"wp-block-list\">\n<li><a href=\"http:\/\/www.svsarganserland.ch\/files\/Bericht-Sarganserlaender-Schweizer-Gruppen-Final-2013.pdf\" target=\"_blank\" rel=\"noreferrer noopener\">Bericht Sarganserl\u00e4nder Schweizer Gruppen Final 2013<\/a><\/li>\n\n\n\n<li><a href=\"http:\/\/www.svsarganserland.ch\/files\/Bericht-Zuercher-Knabenschiessen-2013.pdf\" target=\"_blank\" rel=\"noreferrer noopener\">Bericht Z\u00fcrcher Knabenschiessen 2013<\/a><\/li>\n\n\n\n<li><a href=\"http:\/\/www.svsarganserland.ch\/files\/Ostschweizer-Gruppen-Final-JJ.pdf\" target=\"_blank\" rel=\"noreferrer noopener\">Ostschweizer Gruppen Final JJ<\/a><\/li>\n\n\n\n<li><a href=\"http:\/\/www.svsarganserland.ch\/files\/Ostschweizer-Gruppen-Final-JS.pdf\" target=\"_blank\" rel=\"noreferrer noopener\">Ostschweizer Gruppen Final JS<\/a><\/li>\n\n\n\n<li><a href=\"http:\/\/www.svsarganserland.ch\/files\/Schweizer-Gruppen-Final-JJ-2013.pdf\" target=\"_blank\" rel=\"noreferrer noopener\">Schweizer Gruppen Final JJ 2013<\/a><\/li>\n\n\n\n<li><a href=\"http:\/\/www.svsarganserland.ch\/files\/Schweizer-Gruppen-Final-JS-2013.pdf\" target=\"_blank\" rel=\"noreferrer noopener\">Schweizer Gruppen Final JS 2013<\/a><\/li>\n\n\n\n<li><a href=\"http:\/\/www.svsarganserland.ch\/files\/St.-Galler-U21-Final-JJ_JS.pdf\" target=\"_blank\" rel=\"noreferrer noopener\">St. Galler U21 Final JJ_JS<\/a><\/li>\n\n\n\n<li><a href=\"http:\/\/www.svsarganserland.ch\/files\/Verbands-Cup-2013.pdf\" target=\"_blank\" rel=\"noreferrer noopener\">Verbands Cup 2013<\/a><\/li>\n<\/ul>\n\n\n\n<p><br><br><strong>Aktuelle Ranglisten<\/strong><\/p>\n\n\n\n<ul class=\"wp-block-list\">\n<li><a href=\"http:\/\/www.svsarganserland.ch\/files\/Rangliste-Kant.-JS-GM-2013.pdf\" target=\"_blank\" rel=\"noreferrer noopener\">Rangliste Kant. JS GM 2013<\/a><\/li>\n<\/ul>\n\n\n\n<p><strong>Wettschiessen 2013<\/strong><\/p>\n\n\n\n<ul class=\"wp-block-list\">\n<li><a href=\"http:\/\/www.svsarganserland.ch\/files\/Bezirkswettschiessen-2013-Gesamtrangliste.pdf\" target=\"_blank\" rel=\"noreferrer noopener\">Bezirkswettschiessen 2013 Gesamtrangliste<\/a><\/li>\n\n\n\n<li><a href=\"http:\/\/www.svsarganserland.ch\/files\/Bezirkswettschiessen-2013-Flums-Grossberg.pdf\" target=\"_blank\" rel=\"noreferrer noopener\">Bezirkswettschiessen 2013 Flums Grossberg<\/a><\/li>\n\n\n\n<li><a href=\"http:\/\/www.svsarganserland.ch\/files\/Bezirkswettschiessen-2013-Flums.pdf\" target=\"_blank\" rel=\"noreferrer noopener\">Bezirkswettschiessen 2013 Flums<\/a><\/li>\n\n\n\n<li><a href=\"http:\/\/www.svsarganserland.ch\/files\/Bezirkswettschiessen-2013-Mels.pdf\" target=\"_blank\" rel=\"noreferrer noopener\">Bezirkswettschiessen 2013 Mels<\/a><\/li>\n\n\n\n<li>Bezirkswettschiessen 2013 Mols<\/li>\n\n\n\n<li><a href=\"http:\/\/www.svsarganserland.ch\/files\/Bezirkswettschiessen-2013-Sargans.pdf\" target=\"_blank\" rel=\"noreferrer noopener\">Bezirkswettschiessen 2013 Sargans<\/a><\/li>\n\n\n\n<li><a href=\"http:\/\/www.svsarganserland.ch\/files\/Bezirkswettschiessen-2013-Taminatal.pdf\" target=\"_blank\" rel=\"noreferrer noopener\">Bezirkswettschiessen 2013 Taminatal<\/a><\/li>\n\n\n\n<li><a href=\"http:\/\/www.svsarganserland.ch\/files\/Bezirkswettschiessen-2013-Vilters.pdf\" target=\"_blank\" rel=\"noreferrer noopener\">Bezirkswettschiessen 2013 Vilters<\/a><\/li>\n\n\n\n<li><a href=\"http:\/\/www.svsarganserland.ch\/files\/Bezirkswettschiessen-2013-Walenstadt.pdf\" target=\"_blank\" rel=\"noreferrer noopener\">Bezirkswettschiessen 2013 Walenstadt<\/a><\/li>\n\n\n\n<li><a href=\"http:\/\/www.svsarganserland.ch\/files\/Bezirkswettschiessen-2013-Kurs-1.pdf\" target=\"_blank\" rel=\"noreferrer noopener\">Bezirkswettschiessen 2013 Kurs 1<\/a><\/li>\n\n\n\n<li><a href=\"http:\/\/www.svsarganserland.ch\/files\/Bezirkswettschiessen-2013-Kurs-2.pdf\" target=\"_blank\" rel=\"noreferrer noopener\">Bezirkswettschiessen 2013 Kurs&nbsp;2<\/a><\/li>\n\n\n\n<li><a href=\"http:\/\/www.svsarganserland.ch\/files\/Bezirkswettschiessen-2013-Kurs-3.pdf\" target=\"_blank\" rel=\"noreferrer noopener\">Bezirkswettschiessen 2013 Kurs&nbsp;3<\/a><\/li>\n\n\n\n<li><a href=\"http:\/\/www.svsarganserland.ch\/files\/Bezirkswettschiessen-2013-Kurs-4.pdf\" target=\"_blank\" rel=\"noreferrer noopener\">Bezirkswettschiessen 2013 Kurs&nbsp;4<\/a><\/li>\n\n\n\n<li><a href=\"http:\/\/www.svsarganserland.ch\/files\/Bezirkswettschiessen-2013-Kurs-JJ.pdf\" target=\"_blank\" rel=\"noreferrer noopener\">Bezirkswettschiessen 2013 Kurs&nbsp;JJ<\/a><\/li>\n\n\n\n<li><a href=\"http:\/\/www.svsarganserland.ch\/files\/Bezirkswettschiessen-2013-Leiter.pdf\" target=\"_blank\" rel=\"noreferrer noopener\">Bezirkswettschiessen 2013&nbsp;Leiter<\/a><\/li>\n<\/ul>\n\n\n\n<p><br>2012&nbsp;&#8212;&#8212;&#8212;&#8212;&#8212;&#8212;&#8212;&#8212;&#8212;&#8212;&#8212;&#8212;&#8212;&#8212;&#8212;&#8212;&#8212;&#8212;&#8212;&#8212;&#8212;&#8212;&#8212;&#8212;&#8212;&#8212;&#8212;&#8212;-<br><br><br><strong>15. Schweizerischer Junioren-&nbsp;und Veteranen Einzelfinal<\/strong><br><a href=\"http:\/\/www.svsarganserland.ch\/files\/JUVE_2012_Gesamtrangliste.pdf\" target=\"_blank\" rel=\"noreferrer noopener\">Rangliste<\/a><br><br><strong>Schweizerischen Gruppenfinal von den Jungsch\u00fctzen und Jugendlichen in Z\u00fcrich<\/strong><br><a href=\"http:\/\/www.svsarganserland.ch\/files\/Rangliste_JSJJ2012_inkl-_Titelblatt.pdf\" target=\"_blank\" rel=\"noreferrer noopener\">Rangliste<\/a><br><br><strong>Kant. JS\/JJ Final<\/strong><br><a href=\"http:\/\/www.svsarganserland.ch\/files\/Rangliste-Kant.-JS-GM-2012--1-.pdf\" target=\"_blank\" rel=\"noreferrer noopener\">Rangliste<\/a><br><a href=\"http:\/\/www.svsarganserland.ch\/files\/Rangliste-U21-FinaI-2012-1--1-.pdf\" target=\"_blank\" rel=\"noreferrer noopener\">Rangliste Final U21<\/a><br><a href=\"http:\/\/www.svsarganserland.ch\/files\/Zeitungsbericht-vom-14_0q234gkv.08.2012-1-.pdf\" target=\"_blank\" rel=\"noreferrer noopener\">Bericht aus dem Sarganserl\u00e4nder<\/a><strong><br>Verbands-&nbsp;Jungsch\u00fctzen Cup<\/strong><br><a href=\"http:\/\/www.svsarganserland.ch\/files\/Rangliste-Verbands-Jungschuetzen-Cup-2012.pdf\" target=\"_blank\" rel=\"noreferrer noopener\">Rangliste<\/a><br><a href=\"http:\/\/www.svsarganserland.ch\/files\/Verbands-Jungschuetzen-Cup-2012.pdf\" target=\"_blank\" rel=\"noreferrer noopener\">Bericht aus dem Sarganserl\u00e4nder<\/a><\/p>\n","protected":false},"excerpt":{"rendered":"<p>Jungsch\u00fctzenchefEmil AggelerSchwendistrasse 127325 SchwendiE-MailP: &nbsp;081 72357 35M:&nbsp;079&nbsp;249 23 56 8. Februar 2026 Termine 2026 Jungsch\u00fctzen 20. Oktober 2025 Bericht 33. Verbands Cup Jungsch\u00fctzen 2025 Rangliste 33. Verbands Cup Jungsch\u00fctzen 2025 Die ersten acht am Verbandscup 2025 &nbsp; Bericht Jungsch\u00fctzen Wettschiessen&#8230; <a href=\"http:\/\/www.svsarganserland.ch\/wp\/?page_id=73\" class=\"readmore\">Weiterlesen<span class=\"screen-reader-text\">Jungsch\u00fctzen<\/span><span class=\"fa fa-angle-double-right\" aria-hidden=\"true\"><\/span><\/a><\/p>\n","protected":false},"author":1,"featured_media":0,"parent":0,"menu_order":0,"comment_status":"closed","ping_status":"closed","template":"","meta":{"footnotes":""},"class_list":["post-73","page","type-page","status-publish","hentry"],"_links":{"self":[{"href":"http:\/\/www.svsarganserland.ch\/wp\/index.php?rest_route=\/wp\/v2\/pages\/73","targetHints":{"allow":["GET"]}}],"collection":[{"href":"http:\/\/www.svsarganserland.ch\/wp\/index.php?rest_route=\/wp\/v2\/pages"}],"about":[{"href":"http:\/\/www.svsarganserland.ch\/wp\/index.php?rest_route=\/wp\/v2\/types\/page"}],"author":[{"embeddable":true,"href":"http:\/\/www.svsarganserland.ch\/wp\/index.php?rest_route=\/wp\/v2\/users\/1"}],"replies":[{"embeddable":true,"href":"http:\/\/www.svsarganserland.ch\/wp\/index.php?rest_route=%2Fwp%2Fv2%2Fcomments&post=73"}],"version-history":[{"count":34,"href":"http:\/\/www.svsarganserland.ch\/wp\/index.php?rest_route=\/wp\/v2\/pages\/73\/revisions"}],"predecessor-version":[{"id":807,"href":"http:\/\/www.svsarganserland.ch\/wp\/index.php?rest_route=\/wp\/v2\/pages\/73\/revisions\/807"}],"wp:attachment":[{"href":"http:\/\/www.svsarganserland.ch\/wp\/index.php?rest_route=%2Fwp%2Fv2%2Fmedia&parent=73"}],"curies":[{"name":"wp","href":"https:\/\/api.w.org\/{rel}","templated":true}]}}