{"id":61,"date":"2020-12-21T09:29:14","date_gmt":"2020-12-21T09:29:14","guid":{"rendered":"http:\/\/www.svsarganserland.ch\/wp\/?page_id=61"},"modified":"2026-04-25T14:44:23","modified_gmt":"2026-04-25T14:44:23","slug":"home","status":"publish","type":"page","link":"http:\/\/www.svsarganserland.ch\/wp\/","title":{"rendered":"Home"},"content":{"rendered":"\n<h3 class=\"wp-block-heading\">Aktuell<\/h3>\n\n\n\n<hr class=\"wp-block-separator has-alpha-channel-opacity\"\/>\n\n\n<h4>25. April 2026<\/h4>\n<p><a href=\"http:\/\/www.svsarganserland.ch\/wp\/?page_id=98\">Protokoll 11. Ressortversammlung Veteranen 2026<\/a><\/p>\n<p><a href=\"http:\/\/svsarganserland.ch\/Dateien\/Daten%202026\/Vorstandslueken_Veteranen.pdf\" target=\"_blank\" rel=\"noopener\">Die Vorstandsl\u00fccken bei den Sch\u00fctzenveteranen sind geschlossen worden.<\/a> (Bericht Sarganserl\u00e4nder)<\/p>\n\n\n<hr class=\"wp-block-separator has-alpha-channel-opacity\"\/>\n\n\n<h4>14. April 2026<\/h4>\n<p><a href=\"http:\/\/www.svsarganserland.ch\/wp\/?page_id=98\">Rangliste Veteranenschiessen SVS 2026<\/a><\/p>\n\n\n<hr class=\"wp-block-separator has-alpha-channel-opacity\"\/>\n\n\n<h4>31. M\u00e4rz 2026<\/h4>\n<ul>\n<li><a href=\"http:\/\/www.svsarganserland.ch\/wp\/?page_id=70\">Jahresbericht Gruppenmeisterschaft 2025<\/a><\/li>\n<li><a href=\"http:\/\/svsarganserland.ch\/Dateien\/Daten%202026\/Sarganserlaender_Die_Schutzen_setzen_auf_Nachwuchs_und_Engagement.pdf\" target=\"_blank\" rel=\"noopener\">Bericht Delegiertenversammlung 2026 SVS<\/a> (Sarganserl\u00e4nder)<\/li>\n<\/ul>\n\n\n<hr class=\"wp-block-separator has-alpha-channel-opacity\"\/>\n\n\n<h4>23. M\u00e4rz 2026<\/h4>\n<p><a href=\"http:\/\/www.svsarganserland.ch\/wp\/?page_id=82\">Schiesskommission Instruktionsrapport 2026<\/a><\/p>\n\n\n<hr class=\"wp-block-separator has-alpha-channel-opacity\"\/>\n\n\n<h4>28. Februar 2026<\/h4>\n<p><a href=\"http:\/\/www.svsarganserland.ch\/wp\/?page_id=98\">Einladung Ressortversammlung und Veteranenschiessen SVS 2026<\/a><\/p>\n\n\n<hr class=\"wp-block-separator has-alpha-channel-opacity\"\/>\n\n\n<h4>8. Februar 2026<\/h4>\n<p><a href=\"http:\/\/svsarganserland.ch\/Dateien\/KSFV%202026\/Termine%20JS%20SVS%202026.pdf\" target=\"_blank\" rel=\"noopener\">Termine 2026 Jungsch\u00fctzen<\/a><\/p>\n\n\n<hr class=\"wp-block-separator has-alpha-channel-opacity\"\/>\n\n\n<h4>20. Oktober 2025<\/h4>\n<p><a href=\"http:\/\/www.svsarganserland.ch\/wp\/?page_id=73\">33. Verbands Cup Jungsch\u00fctzen 2025<\/a><\/p>\n<p><a href=\"http:\/\/www.svsarganserland.ch\/wp\/?page_id=73\">Jungsch\u00fctzen Wettschiessen 2025<\/a><\/p>\n\n\n<hr class=\"wp-block-separator has-alpha-channel-opacity\"\/>\n\n\n<h4>17. Juni 2025<\/h4>\n<p><a href=\"http:\/\/svsarganserland.ch\/Dateien\/Daten%202025\/Kantonales%202025.pdf\" target=\"_blank\" rel=\"noopener\">63. St. Galler Kantonalsch\u00fctzenfest (Bericht Sarganserl\u00e4nder)<\/a><\/p>\n\n\n<hr class=\"wp-block-separator has-alpha-channel-opacity\"\/>\n\n\n<h4>4. April 2025<\/h4>\n<p><a href=\"http:\/\/www.svsarganserland.ch\/wp\/?page_id=98\">Resultate Veteranenschiessen 2025<\/a><\/p>\n\n\n<hr class=\"wp-block-separator has-alpha-channel-opacity\"\/>\n\n\n<h4>25. M\u00e4rz 2025<\/h4>\n<p><a href=\"http:\/\/svsarganserland.ch\/Dateien\/Daten%202025\/Einladung%20Veteranenschiessen%20und%20Resssortversammlung%20SVS%202025.pdf\" target=\"_blank\" rel=\"noopener\">Einladung Veteranenschiessen und Resssortversammlung SVS 2025<\/a><\/p>\n\n\n<hr class=\"wp-block-separator has-alpha-channel-opacity\"\/>\n\n\n<h4>23. M\u00e4rz 2025<\/h4>\n<p><a href=\"http:\/\/www.svsarganserland.ch\/wp\/?page_id=82\">Schiesskommission Instruktionsrapport 2025<\/a><\/p>\n\n\n<hr class=\"wp-block-separator has-alpha-channel-opacity\"\/>\n\n\n<h4>28. August 2024<\/h4>\n<p><a href=\"http:\/\/www.svsarganserland.ch\/wp\/?page_id=73\">Jungsch\u00fctzen Verbnandscup 2024<\/a><\/p>\n\n\n<hr class=\"wp-block-separator has-alpha-channel-opacity\"\/>\n\n\n<h4>27. Juni 2024<\/h4>\n<p><a href=\"http:\/\/www.svsarganserland.ch\/wp\/?page_id=73\">Erster H\u00f6hepunkt der Jungsch\u00fctzen\u00a0<\/a><\/p>\n\n\n<hr class=\"wp-block-separator has-alpha-channel-opacity\"\/>\n\n\n<h4>30. Mai 2024<\/h4>\n<p><a href=\"http:\/\/svsarganserland.ch\/Dateien\/Daten%202024\/SL_Feldschiessen_2024.pdf\" target=\"_blank\" rel=\"noopener\">Bericht Feldschiessen 2024\u00a0<\/a><\/p>\n<h6>(Sarganserl\u00e4nder 28. Mai 2024)<\/h6>\n<p>&nbsp;<\/p>\n\n\n<hr class=\"wp-block-separator has-alpha-channel-opacity\"\/>\n\n\n<h4>6. April 2024<\/h4>\n<p><a href=\"http:\/\/www.svsarganserland.ch\/wp\/?page_id=98\">Rangliste Veteranenschiessen 2024<\/a><\/p>\n\n\n<hr class=\"wp-block-separator has-alpha-channel-opacity\"\/>\n\n\n<h4>2. April 2024<\/h4>\n<p><strong>Delegiertenversammlung SVS 2024<\/strong><\/p>\n<p><a href=\"http:\/\/svsarganserland.ch\/Dateien\/Daten%202024\/Bericht%20SL%2028.03.2023%20DV%20SVS%202024.pdf\" target=\"_blank\" rel=\"noopener\">Bericht Sarganserl\u00e4nder<\/a><\/p>\n<p><a href=\"http:\/\/www.svsarganserland.ch\/wp\/wp-content\/uploads\/2024\/04\/Alois-Wildhaber-scaled.jpg\"><img loading=\"lazy\" decoding=\"async\" class=\"alignnone size-medium wp-image-634\" src=\"http:\/\/www.svsarganserland.ch\/wp\/wp-content\/uploads\/2024\/04\/Alois-Wildhaber-300x200.jpg\" alt=\"\" width=\"300\" height=\"200\" srcset=\"http:\/\/www.svsarganserland.ch\/wp\/wp-content\/uploads\/2024\/04\/Alois-Wildhaber-300x200.jpg 300w, http:\/\/www.svsarganserland.ch\/wp\/wp-content\/uploads\/2024\/04\/Alois-Wildhaber-1024x683.jpg 1024w, http:\/\/www.svsarganserland.ch\/wp\/wp-content\/uploads\/2024\/04\/Alois-Wildhaber-768x512.jpg 768w, http:\/\/www.svsarganserland.ch\/wp\/wp-content\/uploads\/2024\/04\/Alois-Wildhaber-1536x1024.jpg 1536w, http:\/\/www.svsarganserland.ch\/wp\/wp-content\/uploads\/2024\/04\/Alois-Wildhaber-2048x1365.jpg 2048w\" sizes=\"auto, (max-width: 300px) 100vw, 300px\" \/><\/a><\/p>\n<p><a href=\"http:\/\/www.svsarganserland.ch\/wp\/wp-content\/uploads\/2024\/04\/Praesent-an-DV-2024-scaled.jpg\"><img loading=\"lazy\" decoding=\"async\" class=\"alignnone size-medium wp-image-633\" src=\"http:\/\/www.svsarganserland.ch\/wp\/wp-content\/uploads\/2024\/04\/Praesent-an-DV-2024-300x200.jpg\" alt=\"\" width=\"300\" height=\"200\" srcset=\"http:\/\/www.svsarganserland.ch\/wp\/wp-content\/uploads\/2024\/04\/Praesent-an-DV-2024-300x200.jpg 300w, http:\/\/www.svsarganserland.ch\/wp\/wp-content\/uploads\/2024\/04\/Praesent-an-DV-2024-1024x683.jpg 1024w, http:\/\/www.svsarganserland.ch\/wp\/wp-content\/uploads\/2024\/04\/Praesent-an-DV-2024-768x512.jpg 768w, http:\/\/www.svsarganserland.ch\/wp\/wp-content\/uploads\/2024\/04\/Praesent-an-DV-2024-1536x1024.jpg 1536w, http:\/\/www.svsarganserland.ch\/wp\/wp-content\/uploads\/2024\/04\/Praesent-an-DV-2024-2048x1365.jpg 2048w\" sizes=\"auto, (max-width: 300px) 100vw, 300px\" \/><\/a><\/p>\n<h6>Auf den Bildern ist Alois Wildhaber Pr\u00e4sident des Milit\u00e4rsch\u00fctzenvereins Flumserberg und das Pr\u00e4sent welches jeder Teilnehmer als Andenken vom Milit\u00e4rsch\u00fctzenverein Flumserberg bekommen hat.<\/h6>\n<p>&nbsp;<\/p>\n\n\n<hr class=\"wp-block-separator has-alpha-channel-opacity\"\/>\n\n\n<h4>24. M\u00e4rz 2024<\/h4>\n<div class=\"page\" title=\"Page 1\">\n<div class=\"section\">\n<div class=\"layoutArea\">\n<div class=\"column\">\n<p><a href=\"http:\/\/svsarganserland.ch\/Dateien\/Daten%202024\/Instruktionsrapport%202024%20SK%20SG%205.pdf\" target=\"_blank\" rel=\"noopener\">Instruktionsrapport KSK 5 SG<\/a><\/p>\n<\/div>\n<\/div>\n<\/div>\n<\/div>\n\n\n<hr class=\"wp-block-separator has-alpha-channel-opacity\"\/>\n\n\n<h4>16. Februar 2024<\/h4>\n<p><a href=\"http:\/\/svsarganserland.ch\/Dateien\/Daten%202024\/Termine%20JS%20SVS%202024-1.pdf\" target=\"_blank\" rel=\"noopener\">Termine Jungsch\u00fctzen 2024<\/a><\/p>\n\n\n<hr class=\"wp-block-separator has-alpha-channel-opacity\"\/>\n\n\n<h4>6. November 2023<\/h4>\n<p><a href=\"http:\/\/www.svsarganserland.ch\/wp\/?page_id=79\">Ranglisten Vorstandschiessen 2023<\/a><\/p>\n\n\n<hr class=\"wp-block-separator has-alpha-channel-opacity\"\/>\n\n\n<h4>17. Oktober 2023<\/h4>\n<div class=\"page\" title=\"Page 1\">\n<div class=\"layoutArea\">\n<div class=\"column\">\n<p><a href=\"http:\/\/www.svsarganserland.ch\/wp\/?page_id=73\">31. Verbands Cup Jungsch\u00fctzen 2023<\/a><\/p>\n<\/div>\n<\/div>\n<\/div>\n\n\n<hr class=\"wp-block-separator has-alpha-channel-opacity\"\/>\n\n\n<h4>6. Juni 2023<\/h4>\n<p><strong>Feldschiessen 2023<\/strong><\/p>\n<p><a href=\"http:\/\/svsarganserland.ch\/Dateien\/Daten2023\/Sarganserlaender_Feldschiessen%2023.pdf\" target=\"_blank\" rel=\"noopener\">Berichte im Sarganserl\u00e4nder<\/a><\/p>\n\n\n<hr class=\"wp-block-separator has-alpha-channel-opacity\"\/>\n\n\n<h4>30. April 2023<\/h4>\n<p><a href=\"http:\/\/svsarganserland.ch\/Dateien\/Daten2023\/Veteranen2023\/Rangliste%20Veteranenschiessen%202023.pdf\" target=\"_blank\" rel=\"noopener\">Rangliste Veteranenschiessen 2023<\/a><\/p>\n\n\n<hr class=\"wp-block-separator has-css-opacity\"\/>\n\n\n<h4>&nbsp;<\/h4>\n<h4>27. M\u00e4rz 2023<\/h4>\n<p><a href=\"http:\/\/svsarganserland.ch\/Dateien\/Daten2023\/Termine%20SVS%202023-2024.pdf\" target=\"_blank\" rel=\"noopener\">Aktualisierte Termine 2023 \/ 2024<\/a><\/p>\n\n\n<hr class=\"wp-block-separator has-css-opacity\"\/>\n\n\n<h4>26. M\u00e4rz 2023<\/h4>\n<div class=\"page\" title=\"Page 1\">\n<div class=\"section\">\n<div class=\"layoutArea\">\n<div class=\"column\">\n<p><a href=\"http:\/\/svsarganserland.ch\/Dateien\/Daten2023\/Instruktionsrapport%202023%20KSK%205%20SG.pdf\" target=\"_blank\" rel=\"noopener\">Instruktionsrapport KSK 5 SG<\/a><\/p>\n<\/div>\n<\/div>\n<\/div>\n<\/div>\n\n\n<hr class=\"wp-block-separator has-css-opacity\"\/>\n\n\n<h4>10. Februar 2023<\/h4>\n<p><a href=\"http:\/\/svsarganserland.ch\/Dateien\/Daten2023\/Veteranen2023\/Schiessplan%20Veteranenschiessen%202023%20EK%20und%20JS.pdf\" target=\"_blank\" rel=\"noopener\">Einladung Ressortversammlung und Veteranenschiessen<\/a><\/p>\n<p><em>Samstag 1. April 2023<\/em><\/p>\n\n\n<hr class=\"wp-block-separator has-css-opacity\"\/>\n\n\n<h4>22. Januar 2023<\/h4>\n<p><a href=\"http:\/\/svsarganserland.ch\/Dateien\/Daten2023\/Termine%20SVS%202023_2024.pdf\" target=\"_blank\" rel=\"noopener\">Termine 2023 \/ 2024<\/a><\/p>\n\n\n<hr class=\"wp-block-separator has-css-opacity\"\/>\n\n\n<h4>6. September 2022<\/h4>\n<p><a href=\"http:\/\/www.svsarganserland.ch\/wp\/?page_id=491\">Werbekonzept Veteranenschiessen<\/a><\/p>\n\n\n<hr class=\"wp-block-separator has-css-opacity\"\/>\n\n\n<h4>21. August 2022<\/h4>\n<p><a href=\"http:\/\/www.svsarganserland.ch\/wp\/?page_id=73\">Jungsch\u00fctzen Wettschiessen 2022<\/a><\/p>\n\n\n<hr class=\"wp-block-separator has-css-opacity\"\/>\n\n\n<h4>9. Juli 2022<\/h4>\n<p><a href=\"http:\/\/www.svsarganserland.ch\/wp\/?page_id=98\"><strong>Auswertung Kantonales Veteranenschiessen 2022<\/strong><\/a><\/p>\n\n\n<hr class=\"wp-block-separator has-css-opacity\"\/>\n\n\n<h4>28. Juni 2022<\/h4>\n<p><a href=\"http:\/\/www.svsarganserland.ch\/wp\/?page_id=98\">Resultate GM 2. Runde und Schlussranglisten Veteranenschiessen SGSV<\/a><span style=\"color: #d5dade;\"><br \/><\/span><\/p>\n\n\n<hr class=\"wp-block-separator has-css-opacity\"\/>\n\n\n<h4>27. Juni 2022<\/h4>\n<p><a href=\"http:\/\/www.svsarganserland.ch\/wp\/?page_id=73\">Ranglisten Jungsch\u00fctzenwettschiessen 2022<\/a><\/p>\n\n\n<hr class=\"wp-block-separator has-css-opacity\"\/>\n\n\n<h4>17. Juni 2022<\/h4>\n<h5>Feldschiessen 2022<\/h5>\n<p>Berichte im Sarganserl\u00e4nder<\/p>\n<p><a href=\"http:\/\/svsarganserland.ch\/Dateien\/Daten2022\/Feldschiessen22\/Sarganserlaender%2014.06.2022.pdf\" target=\"_blank\" rel=\"noopener\">Ein Schiessen f\u00fcr alle<\/a><\/p>\n<p><a href=\"http:\/\/svsarganserland.ch\/Dateien\/Daten2022\/Feldschiessen22\/Sarganserlaender%2007.06.2022.pdf\" target=\"_blank\" rel=\"noopener\">Das Feldschiessen hat begonnen<\/a><\/p>\n<p><a href=\"http:\/\/svsarganserland.ch\/Dateien\/Daten2022\/Feldschiessen22\/sarganserlaender%2002.06.2022.pdf\" target=\"_blank\" rel=\"noopener\">Das Feldschiessen beginnt schon bald<\/a><\/p>\n\n\n<hr class=\"wp-block-separator has-css-opacity\"\/>\n\n\n<h4>17. Juni 2022<\/h4>\n<p><a href=\"http:\/\/www.svsarganserland.ch\/wp\/?page_id=98\">Ranglisten Veteranenschiessen 2022<\/a><\/p>\n\n\n<hr class=\"wp-block-separator has-css-opacity\"\/>\n\n\n<h4>15. April 2022<\/h4>\n<p><a href=\"http:\/\/www.svsarganserland.ch\/wp\/?page_id=98\">Ranglisten Veteranenschiessen 2022<\/a><\/p>\n<p><a href=\"https:\/\/www.rsv-stgallen.ch\/veteranen\/kantonal-2022\/\" target=\"_blank\" rel=\"noopener\">St. Galler Kantonal-Sch\u00fctzenfest f\u00fcr Veteranen\/innen in Goldach KSFV 2022<\/a><\/p>\n\n\n<hr class=\"wp-block-separator has-css-opacity\"\/>\n\n\n<h4><strong>12. April 2022<\/strong><\/h4>\n<p><a href=\"http:\/\/svsarganserland.ch\/Dateien\/Daten2022\/SL%20Aufbruch%20zu%20neuen%20Ufern.pdf\" target=\"_blank\" rel=\"noopener\"><em>Aufbruch zu neuen Ufern!<\/em><\/a><\/p>\n<p>Bericht im Sarganserl\u00e4nder der Hauptversammlung SVS-Vereranen<\/p>\n\n\n<hr class=\"wp-block-separator has-css-opacity\"\/>\n\n\n<h4><strong>2. April 2022<\/strong><\/h4>\n<div class=\"page\" title=\"Page 1\">\n<div class=\"layoutArea\">\n<div class=\"column\">\n<p><a href=\"http:\/\/svsarganserland.ch\/Dateien\/Daten2022\/Ausfuehrungsbestimmungen%20Feldschiessen%202022.pdf\" target=\"_blank\" rel=\"noopener\">Info zum Ablauf des Feldschiessen 2022<\/a><\/p>\n<\/div>\n<\/div>\n<\/div>\n\n\n<hr class=\"wp-block-separator has-css-opacity\"\/>\n\n\n<h4><strong>30. M\u00e4rz 2022<\/strong><\/h4>\n<div class=\"page\" title=\"Page 1\">\n<div class=\"layoutArea\">\n<div class=\"column\">\n<p>&#8222;<a href=\"http:\/\/svsarganserland.ch\/Dateien\/Daten2022\/sl%20praesident_svs_2022.pdf\" target=\"_blank\" rel=\"noopener\">Rickenbacher \u00fcbernimmt von Janser das Pr\u00e4sidentenamt&#8220;<\/a><\/p>\n<p><a href=\"http:\/\/svsarganserland.ch\/Dateien\/Daten2022\/sl%20praesident_svs_2022.pdf\" target=\"_blank\" rel=\"noopener\">Bericht Sarganserl\u00e4nder 29. M\u00e4rz 2022<\/a><\/p>\n<\/div>\n<\/div>\n<\/div>\n\n\n<hr class=\"wp-block-separator has-css-opacity\"\/>\n\n\n<h4><strong>22. M\u00e4rz 2022<\/strong><\/h4>\n<p>Veteranen:<\/p>\n<ul>\n<li><a href=\"http:\/\/www.svsarganserland.ch\/wp\/?page_id=95\">Einladung Ressortversammlung<\/a><\/li>\n<li><a href=\"http:\/\/www.svsarganserland.ch\/wp\/?page_id=104\">Ehrenveteranen 2022<\/a><\/li>\n<li><a href=\"http:\/\/www.svsarganserland.ch\/wp\/?page_id=104\">Seniorveteranen 2022<\/a><\/li>\n<li><a href=\"http:\/\/www.svsarganserland.ch\/wp\/?page_id=104\">Neuveteranen 2022<\/a><\/li>\n<\/ul>\n\n\n<hr class=\"wp-block-separator has-css-opacity\"\/>\n\n\n<h4><strong>11. M\u00e4rz 2022<\/strong><\/h4>\n<p><a href=\"http:\/\/svsarganserland.ch\/Dateien\/Daten2022\/Jahresbericht%20mit%20Inseraten%20SVS%202021.pdf\" target=\"_blank\" rel=\"noopener\">Jahresbericht 2021 und Einladung zur 19 Delegiertenversammlung SVS<\/a><\/p>\n<p>Freitag 25. M\u00e4rz 19:30 Uhr in Hotel Post Sargans<\/p>\n<\/p>\n<p><a href=\"http:\/\/www.svsarganserland.ch\/wp\/?page_id=73\">Jungsch\u00fctzen: Termine und Fr\u00fchjahressitzung 2022<\/a><\/p>\n\n\n<hr class=\"wp-block-separator has-css-opacity\"\/>\n\n\n<h4><strong>8. M\u00e4rz 2022<\/strong><\/h4>\n<p><a href=\"http:\/\/www.svsarganserland.ch\/wp\/?page_id=87\">Verbandsmatch SVS 2022<\/a><\/p>\n\n\n<hr class=\"wp-block-separator has-css-opacity\"\/>\n\n\n<p><strong>4. Februar 2022<\/strong><\/p>\n<p><a href=\"http:\/\/svsarganserland.ch\/Dateien\/Daten2022\/Termine%20SVS%202022-2023.pdf\" target=\"_blank\" rel=\"noopener\">Termine \/ Sitzungen SVS 2022\/2023<\/a><\/p>\n<p><a href=\"http:\/\/www.svsarganserland.ch\/wp\/?page_id=169\">Protokoll 1. LA-Sitzung<\/a><\/p>\n\n\n<hr class=\"wp-block-separator has-css-opacity\"\/>\n\n\n<p><strong>7. Jannuar 2022<\/strong><\/p>\n<p style=\"text-align: left;\"><a href=\"http:\/\/svsarganserland.ch\/Dateien\/Daten2022\/Veteranen\/Flyer%20Programm%20Veteranenschiessen%202022.pdf\" target=\"_blank\" rel=\"noopener\">Programm Veteransnschiessen 2022<\/a><\/p>\n<p><a href=\"http:\/\/svsarganserland.ch\/Dateien\/Daten2022\/Veteranen\/Jahresbericht%20Ressort%20Veteranen%20SVS%202021.pdf\" target=\"_blank\" rel=\"noopener\">Jahresbericht Veteranen SVS 2021<\/a><\/p>\n\n\n<hr class=\"wp-block-separator has-css-opacity\"\/>\n\n\n<p>20. Dezember 2021<\/p>\n<p><a href=\"http:\/\/svsarganserland.ch\/Dateien\/Daten2022\/Termine%20SVS%202022-2023.pdf\" target=\"_blank\" rel=\"noopener\">Termine SVS 2022\/2023<\/a><\/p>\n\n\n<hr class=\"wp-block-separator has-css-opacity\"\/>\n\n\n<p>5. Oktober 2021<\/p>\n<p><a href=\"http:\/\/www.svsarganserland.ch\/wp\/?page_id=67\">Ranglisten Feldschiessen 2021<\/a><\/p>\n\n\n<hr class=\"wp-block-separator has-css-opacity\"\/>\n\n\n<p>28. September 2020<\/p>\n<p><a href=\"http:\/\/www.svsarganserland.ch\/wp\/?page_id=79\">Rangliste Verbandsschiessen 2020<\/a><\/p>\n\n\n<hr class=\"wp-block-separator has-css-opacity\"\/>\n\n\n<p>23. September 2012<\/p>\n<p><a href=\"http:\/\/www.svsarganserland.ch\/wp\/?page_id=98\">Ranglisten Gruppenwettkampf 1. und 2. Runde 2021<\/a><\/p>\n\n\n<hr class=\"wp-block-separator has-css-opacity\"\/>\n\n\n<p>19. September 2021<\/p>\n<p><a href=\"http:\/\/www.svsarganserland.ch\/wp\/?page_id=73\">Rangliste und Bericht 29. Verbands Cup Jungsch\u00fctzen 2021<\/a><\/p>\n\n\n<hr class=\"wp-block-separator has-css-opacity\"\/>\n\n\n<\/p>\n<p>6. September 2021<\/p>\n<p><a href=\"http:\/\/svsarganserland.ch\/Dateien\/Daten2021\/Schiessbetrieb\/Ranglisten\/JS_Wettschiessen%202021.pdf\" target=\"_blank\" rel=\"noopener\">Jungsch\u00fctzenwettschiessen 2021<\/a><\/p>\n\n\n<hr class=\"wp-block-separator has-css-opacity\"\/>\n\n\n<p>13. Juli 2021<\/p>\n<p><strong>Berichte Eidgen\u00f6ssisches Sch\u00fctzenfest 2021 (Sarganserl\u00e4nder)<\/strong><\/p>\n<p><a href=\"http:\/\/svsarganserland.ch\/Dateien\/Daten2021\/Feldschiessen21\/Eidgenoessisches%20ist%20besser%20gelungen%20als%20erwartet.pdf\" target=\"_blank\" rel=\"noopener\">Eidgen\u00f6ssisches ist besser gelungen als erwartet.<\/a><\/p>\n<p><a href=\"http:\/\/svsarganserland.ch\/Dateien\/Daten2021\/Feldschiessen21\/Schiessen%20und%20feiern%20bei%20perfekten%20Bedingungen.pdf\" target=\"_blank\" rel=\"noopener\">Schiessen und feiern bei perfekten Bedingungen.<\/a><\/p>\n<p><a href=\"http:\/\/svsarganserland.ch\/Dateien\/Daten2021\/Feldschiessen21\/Schiessen%20und%20feiern%20bei%20perfekten%20Bedingungen.pdf\" target=\"_blank\" rel=\"noopener\">94 Kranzresultate f\u00fcr Vilters.<\/a><\/p>\n<p><a href=\"http:\/\/svsarganserland.ch\/Dateien\/Daten2021\/Feldschiessen21\/Mit%20Spass%20zum%20Erfolg.pdf\" target=\"_blank\" rel=\"noopener\">Mit Spass zum Erfolg.<\/a><\/p>\n<p><a href=\"http:\/\/svsarganserland.ch\/Dateien\/Daten2021\/Feldschiessen21\/Mit%20Spass%20zum%20Erfolg.pdf\" target=\"_blank\" rel=\"noopener\">Ein Wettkampf f\u00fcr jede Altersklasse.<\/a><\/p>\n<p><a href=\"http:\/\/svsarganserland.ch\/Dateien\/Daten2021\/Feldschiessen21\/Quinten%20Berschis.pdf\" target=\"_blank\" rel=\"noopener\">Festzentrum im Rossriet statt in Luzern.<\/a><\/p>\n<p><a href=\"http:\/\/svsarganserland.ch\/Dateien\/Daten2021\/Feldschiessen21\/Quinten%20Berschis.pdf\" target=\"_blank\" rel=\"noopener\">Rang 8 f\u00fcr Quarten-Oberterzen.<\/a><\/p>\n<p><a href=\"http:\/\/svsarganserland.ch\/Dateien\/Daten2021\/Feldschiessen21\/Quinten%20Berschis.pdf\" target=\"_blank\" rel=\"noopener\">Glanzvolle Leistungen (Mols)<\/a><\/p>\n<p><a href=\"http:\/\/svsarganserland.ch\/Dateien\/Daten2021\/Feldschiessen21\/Quinten%20Berschis.pdf\" target=\"_blank\" rel=\"noopener\">Geteilte Freude. (Quinten)<\/a><\/p>\n<p><a href=\"http:\/\/svsarganserland.ch\/Dateien\/Daten2021\/Feldschiessen21\/Flums%20und%20Mels.pdf\" target=\"_blank\" rel=\"noopener\">Flumser F\u00e4hnlein der sieben Aufrechten.<\/a><\/p>\n<p><a href=\"http:\/\/svsarganserland.ch\/Dateien\/Daten2021\/Feldschiessen21\/Flums%20und%20Mels.pdf\" target=\"_blank\" rel=\"noopener\">Auf Sch\u00fctzinnen ist Verlass (Flums)<\/a><\/p>\n<p><a href=\"http:\/\/svsarganserland.ch\/Dateien\/Daten2021\/Feldschiessen21\/Flums%20und%20Mels.pdf\" target=\"_blank\" rel=\"noopener\">Dem Ruf gerecht werden. (Mels)<\/a><\/p>\n<p><a href=\"http:\/\/svsarganserland.ch\/Dateien\/Daten2021\/Feldschiessen21\/Ragaz%20Taminatal.pdf\" target=\"_blank\" rel=\"noopener\">Spina statt Luzern. (Taminatal)<\/a><\/p>\n<p><a href=\"http:\/\/svsarganserland.ch\/Dateien\/Daten2021\/Feldschiessen21\/Ragaz%20Taminatal.pdf\" target=\"_blank\" rel=\"noopener\">Heimvorteil vom Winde verweht. (Wangs)<\/a><\/p>\n<p><a href=\"http:\/\/svsarganserland.ch\/Dateien\/Daten2021\/Feldschiessen21\/Ragaz%20Taminatal.pdf\" target=\"_blank\" rel=\"noopener\">Zwei besondere Sch\u00fctzen am Start. (Bad Ragaz)<\/a><\/p>\n<p><a href=\"http:\/\/svsarganserland.ch\/Dateien\/Daten2021\/Feldschiessen21\/Treffsichere%20Wangeser.pdf\" target=\"_blank\" rel=\"noopener\">Treffsichere Wangser.<\/a><\/p>\n<\/p>\n\n\n<hr class=\"wp-block-separator has-css-opacity\"\/>\n\n\n<p>29. Juni 2021<\/p>\n<p><a href=\"http:\/\/www.svsarganserland.ch\/wp\/?page_id=98\">Ranglisten Gruppenwettkampf Veteranen 1.Runde<\/a><\/p>\n\n\n<hr class=\"wp-block-separator has-css-opacity\"\/>\n\n\n<p>12. M\u00e4rz 2021<\/p>\n<p><a href=\"http:\/\/svsarganserland.ch\/Dateien\/Daten2021\/Schiessbetrieb\/SVS%20Matchplan%202021.pdf\" target=\"_blank\" rel=\"noopener\">Matchplan 2021<\/a><\/p>\n\n\n<hr class=\"wp-block-separator has-css-opacity\"\/>\n\n\n<p>7. Januar 2012<\/p>\n<p><a href=\"http:\/\/www.svsarganserland.ch\/wp\/?page_id=104\">Aktualisierung Mitgliederlisten Veteranen<\/a><\/p>\n\n\n<hr class=\"wp-block-separator has-css-opacity\"\/>\n\n\n<p>26. Dezember 2020<\/p>\n<p><a href=\"http:\/\/www.svsarganserland.ch\/wp\/?page_id=98\">Termine Gruppenwettkampf Veteranen&nbsp;2021<\/a><\/p>\n\n\n<p><\/p>\n\n\n\n<p>8. November 2020<br><a href=\"http:\/\/www.svsarganserland.ch\/wp\/?page_id=73\">Rangliste Wettschiessen Jungsch\u00fctzen 2020<\/a><br><br>1. November 2020<\/p>\n\n\n\n<ul class=\"wp-block-list\">\n<li><strong>Delegiertenversammlung vom 6. November 2020 auf unbestimmte Zeit verschoben.<\/strong><\/li>\n<\/ul>\n\n\n\n<p><br>23. Oktober 2020<br><a href=\"http:\/\/www.svsarganserland.ch\/wp\/?page_id=67\">Resultate&nbsp;Feldschiessen 2020<\/a><br><br><br>26<strong>. <\/strong>Juni<strong> <\/strong>2020<strong><br>Feldschiessen startet Mitte August!<br><\/strong><a href=\"http:\/\/svsarganserland.ch\/Dateien\/Daten%202020\/Sarganserl%C3%83%C2%A4nder%20FS%202020.pdf\" target=\"_blank\" rel=\"noreferrer noopener\">Bericht&nbsp;Sarganserl\u00e4nder<\/a><br><br><br>17<strong>. <\/strong>Mai<strong> <\/strong>2020<strong><br><\/strong><a href=\"https:\/\/www.swissshooting.ch\/de\/news\/aktuelles\/2020\/03_maerz\/info-corona-virus\/\" target=\"_blank\" rel=\"noreferrer noopener\">SSV&nbsp;Informationen zum Umgang mit dem Corona-Virus<\/a><br><\/p>\n","protected":false},"excerpt":{"rendered":"<p>Aktuell 25. April 2026 Protokoll 11. Ressortversammlung Veteranen 2026 Die Vorstandsl\u00fccken bei den Sch\u00fctzenveteranen sind geschlossen worden. (Bericht Sarganserl\u00e4nder) 14. April 2026 Rangliste Veteranenschiessen SVS 2026 31. M\u00e4rz 2026 Jahresbericht Gruppenmeisterschaft 2025 Bericht Delegiertenversammlung 2026 SVS (Sarganserl\u00e4nder) 23. M\u00e4rz 2026&#8230; <a href=\"http:\/\/www.svsarganserland.ch\/wp\/\" class=\"readmore\">Weiterlesen<span class=\"screen-reader-text\">Home<\/span><span class=\"fa fa-angle-double-right\" aria-hidden=\"true\"><\/span><\/a><\/p>\n","protected":false},"author":1,"featured_media":0,"parent":0,"menu_order":0,"comment_status":"closed","ping_status":"closed","template":"","meta":{"footnotes":""},"class_list":["post-61","page","type-page","status-publish","hentry"],"_links":{"self":[{"href":"http:\/\/www.svsarganserland.ch\/wp\/index.php?rest_route=\/wp\/v2\/pages\/61","targetHints":{"allow":["GET"]}}],"collection":[{"href":"http:\/\/www.svsarganserland.ch\/wp\/index.php?rest_route=\/wp\/v2\/pages"}],"about":[{"href":"http:\/\/www.svsarganserland.ch\/wp\/index.php?rest_route=\/wp\/v2\/types\/page"}],"author":[{"embeddable":true,"href":"http:\/\/www.svsarganserland.ch\/wp\/index.php?rest_route=\/wp\/v2\/users\/1"}],"replies":[{"embeddable":true,"href":"http:\/\/www.svsarganserland.ch\/wp\/index.php?rest_route=%2Fwp%2Fv2%2Fcomments&post=61"}],"version-history":[{"count":118,"href":"http:\/\/www.svsarganserland.ch\/wp\/index.php?rest_route=\/wp\/v2\/pages\/61\/revisions"}],"predecessor-version":[{"id":838,"href":"http:\/\/www.svsarganserland.ch\/wp\/index.php?rest_route=\/wp\/v2\/pages\/61\/revisions\/838"}],"wp:attachment":[{"href":"http:\/\/www.svsarganserland.ch\/wp\/index.php?rest_route=%2Fwp%2Fv2%2Fmedia&parent=61"}],"curies":[{"name":"wp","href":"https:\/\/api.w.org\/{rel}","templated":true}]}}